{"id":100,"date":"2016-02-03T15:30:49","date_gmt":"2016-02-03T14:30:49","guid":{"rendered":"https:\/\/www.esf.international\/?page_id=100"},"modified":"2017-10-02T13:01:54","modified_gmt":"2017-10-02T12:01:54","slug":"aalinitiative","status":"publish","type":"page","link":"https:\/\/www.esf.international\/de\/aalinitiative\/","title":{"rendered":"IFEA"},"content":{"rendered":"<p>Die Initiative zur F\u00f6rderung des Europ\u00e4ischen Aals e.V. (IFEA) ist der deutsche Verband der Aal-H\u00e4ndler und Aal-Z\u00fcchter. Ziel dieser Stiftung ist der Erhalt des Europ\u00e4ischen Aals. Sie \u00fcbernimmt Aufgaben, die zu einem nachhaltigen Erhalt des Aalbestandes in deutschen und europ\u00e4ischen Binnengew\u00e4ssern beitragen. Au\u00dferdem arbeitet IFEA an nachhaltigen L\u00f6sungen f\u00fcr den Fang und die Aufzucht von Aalen sowie f\u00fcr umwelt- und tierfreundliche Abl\u00e4ufe und f\u00f6rdert dar\u00fcber hinaus die wissenschaftliche Erforschung des Aals. Dadurch strebt die Stiftung einen nachhaltigen Erhalt des Aals und der Aal-Branche in Deutschland an.<\/p>\n<p>&nbsp;<\/p>\n<p><a href=\"http:\/\/www.aal-initiative.org\"><button class=\"button-groen\">www.aal-initiative.org<\/button><\/a><\/p>","protected":false},"excerpt":{"rendered":"<p>Die Initiative zur F\u00f6rderung des Europ\u00e4ischen Aals e.V. (IFEA) ist der deutsche Verband der Aal-H\u00e4ndler und Aal-Z\u00fcchter. Ziel dieser Stiftung <a class=\"more-link\" href=\"https:\/\/www.esf.international\/de\/aalinitiative\/\">Lees verder&#8230;<\/a><\/p>\n","protected":false},"author":1,"featured_media":0,"parent":0,"menu_order":0,"comment_status":"closed","ping_status":"closed","template":"","meta":{"_exactmetrics_skip_tracking":false,"_exactmetrics_sitenote_active":false,"_exactmetrics_sitenote_note":"","_exactmetrics_sitenote_category":0,"footnotes":""},"class_list":["post-100","page","type-page","status-publish","hentry"],"_links":{"self":[{"href":"https:\/\/www.esf.international\/de\/wp-json\/wp\/v2\/pages\/100","targetHints":{"allow":["GET"]}}],"collection":[{"href":"https:\/\/www.esf.international\/de\/wp-json\/wp\/v2\/pages"}],"about":[{"href":"https:\/\/www.esf.international\/de\/wp-json\/wp\/v2\/types\/page"}],"author":[{"embeddable":true,"href":"https:\/\/www.esf.international\/de\/wp-json\/wp\/v2\/users\/1"}],"replies":[{"embeddable":true,"href":"https:\/\/www.esf.international\/de\/wp-json\/wp\/v2\/comments?post=100"}],"version-history":[{"count":8,"href":"https:\/\/www.esf.international\/de\/wp-json\/wp\/v2\/pages\/100\/revisions"}],"predecessor-version":[{"id":437,"href":"https:\/\/www.esf.international\/de\/wp-json\/wp\/v2\/pages\/100\/revisions\/437"}],"wp:attachment":[{"href":"https:\/\/www.esf.international\/de\/wp-json\/wp\/v2\/media?parent=100"}],"curies":[{"name":"wp","href":"https:\/\/api.w.org\/{rel}","templated":true}]}}